{"id":14046,"date":"2025-01-31T12:27:09","date_gmt":"2025-01-31T12:27:09","guid":{"rendered":"https:\/\/www.gransassolagaich.it\/evento\/fete-de-la-porchetta\/"},"modified":"2025-01-31T12:27:09","modified_gmt":"2025-01-31T12:27:09","slug":"fete-de-la-porchetta","status":"publish","type":"eventi","link":"https:\/\/www.gransassolagaich.it\/fr\/evento\/fete-de-la-porchetta\/","title":{"rendered":"F\u00eate de la Porchetta"},"featured_media":13239,"template":"","comune":[390],"tipo-documento":[1471],"class_list":["post-14046","eventi","type-eventi","status-publish","has-post-thumbnail","hentry","comune-colledara","tipo-documento-evento-fr"],"yoast_head":"<!-- This site is optimized with the Yoast SEO plugin v28.4 - https:\/\/yoast.com\/product\/yoast-seo-wordpress\/ -->\n<title>F\u00eate de la Porchetta - Gran Sasso Laga ICH<\/title>\n<meta name=\"robots\" content=\"index, follow, max-snippet:-1, max-image-preview:large, max-video-preview:-1\" \/>\n<link rel=\"canonical\" href=\"https:\/\/www.gransassolagaich.it\/fr\/evento\/fete-de-la-porchetta\/\" \/>\n<meta property=\"og:locale\" content=\"fr_FR\" \/>\n<meta property=\"og:type\" content=\"article\" \/>\n<meta property=\"og:title\" content=\"F\u00eate de la Porchetta - Gran Sasso Laga ICH\" \/>\n<meta property=\"og:description\" content=\"Manifestation cr\u00e9\u00e9e en 2001 visant \u00e0 promouvoir un produit authentique et de qualit\u00e9, la F\u00eate de la Porchetta valorise l\u2019art local de pr\u00e9parer cet aliment savoureux, propos\u00e9 chaque ann\u00e9e par neuf ma\u00eetres \u201cporchettai\u201d tels que le nombre des laboratoires pr\u00e9sents sur le territoire, r\u00e9unis dans l\u2019Association I Maestri de la Porchetta: Giampaolo Mercuri, Peppino D\u2019Alberto, ... Lire plus\" \/>\n<meta property=\"og:url\" content=\"https:\/\/www.gransassolagaich.it\/fr\/evento\/fete-de-la-porchetta\/\" \/>\n<meta property=\"og:site_name\" content=\"Gran Sasso Laga ICH\" \/>\n<meta property=\"article:publisher\" content=\"https:\/\/www.facebook.com\/gransassolagaich\" \/>\n<meta property=\"og:image\" content=\"https:\/\/www.gransassolagaich.it\/wp-content\/uploads\/2025\/01\/Colledara-slider3.jpg\" \/>\n\t<meta property=\"og:image:width\" content=\"1600\" \/>\n\t<meta property=\"og:image:height\" content=\"900\" \/>\n\t<meta property=\"og:image:type\" content=\"image\/jpeg\" \/>\n<meta name=\"twitter:card\" content=\"summary_large_image\" \/>\n<meta name=\"twitter:label1\" content=\"Dur\u00e9e de lecture estim\u00e9e\" \/>\n\t<meta name=\"twitter:data1\" content=\"1 minute\" \/>\n<script type=\"application\/ld+json\" class=\"yoast-schema-graph\">{\"@context\":\"https:\\\/\\\/schema.org\",\"@graph\":[{\"@type\":\"WebPage\",\"@id\":\"https:\\\/\\\/www.gransassolagaich.it\\\/fr\\\/evento\\\/fete-de-la-porchetta\\\/\",\"url\":\"https:\\\/\\\/www.gransassolagaich.it\\\/fr\\\/evento\\\/fete-de-la-porchetta\\\/\",\"name\":\"F\u00eate de la Porchetta - Gran Sasso Laga ICH\",\"isPartOf\":{\"@id\":\"https:\\\/\\\/www.gransassolagaich.it\\\/fr\\\/#website\"},\"primaryImageOfPage\":{\"@id\":\"https:\\\/\\\/www.gransassolagaich.it\\\/fr\\\/evento\\\/fete-de-la-porchetta\\\/#primaryimage\"},\"image\":{\"@id\":\"https:\\\/\\\/www.gransassolagaich.it\\\/fr\\\/evento\\\/fete-de-la-porchetta\\\/#primaryimage\"},\"thumbnailUrl\":\"https:\\\/\\\/www.gransassolagaich.it\\\/wp-content\\\/uploads\\\/2025\\\/01\\\/Colledara-slider3.jpg\",\"datePublished\":\"2025-01-31T12:27:09+00:00\",\"breadcrumb\":{\"@id\":\"https:\\\/\\\/www.gransassolagaich.it\\\/fr\\\/evento\\\/fete-de-la-porchetta\\\/#breadcrumb\"},\"inLanguage\":\"fr-FR\",\"potentialAction\":[{\"@type\":\"ReadAction\",\"target\":[\"https:\\\/\\\/www.gransassolagaich.it\\\/fr\\\/evento\\\/fete-de-la-porchetta\\\/\"]}]},{\"@type\":\"ImageObject\",\"inLanguage\":\"fr-FR\",\"@id\":\"https:\\\/\\\/www.gransassolagaich.it\\\/fr\\\/evento\\\/fete-de-la-porchetta\\\/#primaryimage\",\"url\":\"https:\\\/\\\/www.gransassolagaich.it\\\/wp-content\\\/uploads\\\/2025\\\/01\\\/Colledara-slider3.jpg\",\"contentUrl\":\"https:\\\/\\\/www.gransassolagaich.it\\\/wp-content\\\/uploads\\\/2025\\\/01\\\/Colledara-slider3.jpg\",\"width\":1600,\"height\":900},{\"@type\":\"BreadcrumbList\",\"@id\":\"https:\\\/\\\/www.gransassolagaich.it\\\/fr\\\/evento\\\/fete-de-la-porchetta\\\/#breadcrumb\",\"itemListElement\":[{\"@type\":\"ListItem\",\"position\":1,\"name\":\"Home\",\"item\":\"https:\\\/\\\/www.gransassolagaich.it\\\/fr\\\/\"},{\"@type\":\"ListItem\",\"position\":2,\"name\":\"Evento\",\"item\":\"https:\\\/\\\/www.gransassolagaich.it\\\/fr\\\/evento\\\/\"},{\"@type\":\"ListItem\",\"position\":3,\"name\":\"F\u00eate de la Porchetta\"}]},{\"@type\":\"WebSite\",\"@id\":\"https:\\\/\\\/www.gransassolagaich.it\\\/fr\\\/#website\",\"url\":\"https:\\\/\\\/www.gransassolagaich.it\\\/fr\\\/\",\"name\":\"Gran Sasso Laga ICH\",\"description\":\"Scopri, conosci e vivi un patrimonio!\",\"publisher\":{\"@id\":\"https:\\\/\\\/www.gransassolagaich.it\\\/fr\\\/#organization\"},\"alternateName\":\"GICH\",\"potentialAction\":[{\"@type\":\"SearchAction\",\"target\":{\"@type\":\"EntryPoint\",\"urlTemplate\":\"https:\\\/\\\/www.gransassolagaich.it\\\/fr\\\/?s={search_term_string}\"},\"query-input\":{\"@type\":\"PropertyValueSpecification\",\"valueRequired\":true,\"valueName\":\"search_term_string\"}}],\"inLanguage\":\"fr-FR\"},{\"@type\":\"Organization\",\"@id\":\"https:\\\/\\\/www.gransassolagaich.it\\\/fr\\\/#organization\",\"name\":\"Gran Sasso Laga ICH\",\"alternateName\":\"GICH\",\"url\":\"https:\\\/\\\/www.gransassolagaich.it\\\/fr\\\/\",\"logo\":{\"@type\":\"ImageObject\",\"inLanguage\":\"fr-FR\",\"@id\":\"https:\\\/\\\/www.gransassolagaich.it\\\/fr\\\/#\\\/schema\\\/logo\\\/image\\\/\",\"url\":\"https:\\\/\\\/www.gransassolagaich.it\\\/wp-content\\\/uploads\\\/2025\\\/01\\\/LOGO-GRANSASSO_LAGAgrandepiccolo-1.png\",\"contentUrl\":\"https:\\\/\\\/www.gransassolagaich.it\\\/wp-content\\\/uploads\\\/2025\\\/01\\\/LOGO-GRANSASSO_LAGAgrandepiccolo-1.png\",\"width\":300,\"height\":95,\"caption\":\"Gran Sasso Laga ICH\"},\"image\":{\"@id\":\"https:\\\/\\\/www.gransassolagaich.it\\\/fr\\\/#\\\/schema\\\/logo\\\/image\\\/\"},\"sameAs\":[\"https:\\\/\\\/www.facebook.com\\\/gransassolagaich\"]}]}<\/script>\n<!-- \/ Yoast SEO plugin. -->","yoast_head_json":{"title":"F\u00eate de la Porchetta - Gran Sasso Laga ICH","robots":{"index":"index","follow":"follow","max-snippet":"max-snippet:-1","max-image-preview":"max-image-preview:large","max-video-preview":"max-video-preview:-1"},"canonical":"https:\/\/www.gransassolagaich.it\/fr\/evento\/fete-de-la-porchetta\/","og_locale":"fr_FR","og_type":"article","og_title":"F\u00eate de la Porchetta - Gran Sasso Laga ICH","og_description":"Manifestation cr\u00e9\u00e9e en 2001 visant \u00e0 promouvoir un produit authentique et de qualit\u00e9, la F\u00eate de la Porchetta valorise l\u2019art local de pr\u00e9parer cet aliment savoureux, propos\u00e9 chaque ann\u00e9e par neuf ma\u00eetres \u201cporchettai\u201d tels que le nombre des laboratoires pr\u00e9sents sur le territoire, r\u00e9unis dans l\u2019Association I Maestri de la Porchetta: Giampaolo Mercuri, Peppino D\u2019Alberto, ... Lire plus","og_url":"https:\/\/www.gransassolagaich.it\/fr\/evento\/fete-de-la-porchetta\/","og_site_name":"Gran Sasso Laga ICH","article_publisher":"https:\/\/www.facebook.com\/gransassolagaich","og_image":[{"width":1600,"height":900,"url":"https:\/\/www.gransassolagaich.it\/wp-content\/uploads\/2025\/01\/Colledara-slider3.jpg","type":"image\/jpeg"}],"twitter_card":"summary_large_image","twitter_misc":{"Dur\u00e9e de lecture estim\u00e9e":"1 minute"},"schema":{"@context":"https:\/\/schema.org","@graph":[{"@type":"WebPage","@id":"https:\/\/www.gransassolagaich.it\/fr\/evento\/fete-de-la-porchetta\/","url":"https:\/\/www.gransassolagaich.it\/fr\/evento\/fete-de-la-porchetta\/","name":"F\u00eate de la Porchetta - Gran Sasso Laga ICH","isPartOf":{"@id":"https:\/\/www.gransassolagaich.it\/fr\/#website"},"primaryImageOfPage":{"@id":"https:\/\/www.gransassolagaich.it\/fr\/evento\/fete-de-la-porchetta\/#primaryimage"},"image":{"@id":"https:\/\/www.gransassolagaich.it\/fr\/evento\/fete-de-la-porchetta\/#primaryimage"},"thumbnailUrl":"https:\/\/www.gransassolagaich.it\/wp-content\/uploads\/2025\/01\/Colledara-slider3.jpg","datePublished":"2025-01-31T12:27:09+00:00","breadcrumb":{"@id":"https:\/\/www.gransassolagaich.it\/fr\/evento\/fete-de-la-porchetta\/#breadcrumb"},"inLanguage":"fr-FR","potentialAction":[{"@type":"ReadAction","target":["https:\/\/www.gransassolagaich.it\/fr\/evento\/fete-de-la-porchetta\/"]}]},{"@type":"ImageObject","inLanguage":"fr-FR","@id":"https:\/\/www.gransassolagaich.it\/fr\/evento\/fete-de-la-porchetta\/#primaryimage","url":"https:\/\/www.gransassolagaich.it\/wp-content\/uploads\/2025\/01\/Colledara-slider3.jpg","contentUrl":"https:\/\/www.gransassolagaich.it\/wp-content\/uploads\/2025\/01\/Colledara-slider3.jpg","width":1600,"height":900},{"@type":"BreadcrumbList","@id":"https:\/\/www.gransassolagaich.it\/fr\/evento\/fete-de-la-porchetta\/#breadcrumb","itemListElement":[{"@type":"ListItem","position":1,"name":"Home","item":"https:\/\/www.gransassolagaich.it\/fr\/"},{"@type":"ListItem","position":2,"name":"Evento","item":"https:\/\/www.gransassolagaich.it\/fr\/evento\/"},{"@type":"ListItem","position":3,"name":"F\u00eate de la Porchetta"}]},{"@type":"WebSite","@id":"https:\/\/www.gransassolagaich.it\/fr\/#website","url":"https:\/\/www.gransassolagaich.it\/fr\/","name":"Gran Sasso Laga ICH","description":"Scopri, conosci e vivi un patrimonio!","publisher":{"@id":"https:\/\/www.gransassolagaich.it\/fr\/#organization"},"alternateName":"GICH","potentialAction":[{"@type":"SearchAction","target":{"@type":"EntryPoint","urlTemplate":"https:\/\/www.gransassolagaich.it\/fr\/?s={search_term_string}"},"query-input":{"@type":"PropertyValueSpecification","valueRequired":true,"valueName":"search_term_string"}}],"inLanguage":"fr-FR"},{"@type":"Organization","@id":"https:\/\/www.gransassolagaich.it\/fr\/#organization","name":"Gran Sasso Laga ICH","alternateName":"GICH","url":"https:\/\/www.gransassolagaich.it\/fr\/","logo":{"@type":"ImageObject","inLanguage":"fr-FR","@id":"https:\/\/www.gransassolagaich.it\/fr\/#\/schema\/logo\/image\/","url":"https:\/\/www.gransassolagaich.it\/wp-content\/uploads\/2025\/01\/LOGO-GRANSASSO_LAGAgrandepiccolo-1.png","contentUrl":"https:\/\/www.gransassolagaich.it\/wp-content\/uploads\/2025\/01\/LOGO-GRANSASSO_LAGAgrandepiccolo-1.png","width":300,"height":95,"caption":"Gran Sasso Laga ICH"},"image":{"@id":"https:\/\/www.gransassolagaich.it\/fr\/#\/schema\/logo\/image\/"},"sameAs":["https:\/\/www.facebook.com\/gransassolagaich"]}]}},"_links":{"self":[{"href":"https:\/\/www.gransassolagaich.it\/fr\/wp-json\/wp\/v2\/eventi\/14046","targetHints":{"allow":["GET"]}}],"collection":[{"href":"https:\/\/www.gransassolagaich.it\/fr\/wp-json\/wp\/v2\/eventi"}],"about":[{"href":"https:\/\/www.gransassolagaich.it\/fr\/wp-json\/wp\/v2\/types\/eventi"}],"wp:featuredmedia":[{"embeddable":true,"href":"https:\/\/www.gransassolagaich.it\/fr\/wp-json\/wp\/v2\/media\/13239"}],"wp:attachment":[{"href":"https:\/\/www.gransassolagaich.it\/fr\/wp-json\/wp\/v2\/media?parent=14046"}],"wp:term":[{"taxonomy":"comune","embeddable":true,"href":"https:\/\/www.gransassolagaich.it\/fr\/wp-json\/wp\/v2\/comune?post=14046"},{"taxonomy":"tipo-documento","embeddable":true,"href":"https:\/\/www.gransassolagaich.it\/fr\/wp-json\/wp\/v2\/tipo-documento?post=14046"}],"curies":[{"name":"wp","href":"https:\/\/api.w.org\/{rel}","templated":true}]}}