{"version":"1.0","provider_name":"Gran Sasso Laga ICH","provider_url":"https:\/\/www.gransassolagaich.it\/fr\/","title":"F\u00eate de la Porchetta - Gran Sasso Laga ICH","type":"rich","width":600,"height":338,"html":"<blockquote class=\"wp-embedded-content\" data-secret=\"nY47WrpzP8\"><a href=\"https:\/\/www.gransassolagaich.it\/fr\/evento\/fete-de-la-porchetta\/\">F\u00eate de la Porchetta<\/a><\/blockquote><iframe sandbox=\"allow-scripts\" security=\"restricted\" src=\"https:\/\/www.gransassolagaich.it\/fr\/evento\/fete-de-la-porchetta\/embed\/#?secret=nY47WrpzP8\" width=\"600\" height=\"338\" title=\"\u00ab\u00a0F\u00eate de la Porchetta\u00a0\u00bb &#8212; Gran Sasso Laga ICH\" data-secret=\"nY47WrpzP8\" frameborder=\"0\" marginwidth=\"0\" marginheight=\"0\" scrolling=\"no\" class=\"wp-embedded-content\"><\/iframe><script>\n\/*! This file is auto-generated *\/\n!function(d,l){\"use strict\";l.querySelector&&d.addEventListener&&\"undefined\"!=typeof URL&&(d.wp=d.wp||{},d.wp.receiveEmbedMessage||(d.wp.receiveEmbedMessage=function(e){var t=e.data;if((t||t.secret||t.message||t.value)&&!\/[^a-zA-Z0-9]\/.test(t.secret)){for(var s,r,n,a=l.querySelectorAll('iframe[data-secret=\"'+t.secret+'\"]'),o=l.querySelectorAll('blockquote[data-secret=\"'+t.secret+'\"]'),c=new RegExp(\"^https?:$\",\"i\"),i=0;i<o.length;i++)o[i].style.display=\"none\";for(i=0;i<a.length;i++)s=a[i],e.source===s.contentWindow&&(s.removeAttribute(\"style\"),\"height\"===t.message?(1e3<(r=parseInt(t.value,10))?r=1e3:~~r<200&&(r=200),s.height=r):\"link\"===t.message&&(r=new URL(s.getAttribute(\"src\")),n=new URL(t.value),c.test(n.protocol))&&n.host===r.host&&l.activeElement===s&&(d.top.location.href=t.value))}},d.addEventListener(\"message\",d.wp.receiveEmbedMessage,!1),l.addEventListener(\"DOMContentLoaded\",function(){for(var e,t,s=l.querySelectorAll(\"iframe.wp-embedded-content\"),r=0;r<s.length;r++)(t=(e=s[r]).getAttribute(\"data-secret\"))||(t=Math.random().toString(36).substring(2,12),e.src+=\"#?secret=\"+t,e.setAttribute(\"data-secret\",t)),e.contentWindow.postMessage({message:\"ready\",secret:t},\"*\")},!1)))}(window,document);\n\/\/# sourceURL=https:\/\/www.gransassolagaich.it\/wp-includes\/js\/wp-embed.min.js\n<\/script>\n","thumbnail_url":"https:\/\/www.gransassolagaich.it\/wp-content\/uploads\/2025\/01\/Colledara-slider3.jpg","thumbnail_width":1600,"thumbnail_height":900,"description":"Manifestation cr\u00e9\u00e9e en 2001 visant \u00e0 promouvoir un produit authentique et de qualit\u00e9, la F\u00eate de la Porchetta valorise l\u2019art local de pr\u00e9parer cet aliment savoureux, propos\u00e9 chaque ann\u00e9e par neuf ma\u00eetres \u201cporchettai\u201d tels que le nombre des laboratoires pr\u00e9sents sur le territoire, r\u00e9unis dans l\u2019Association I Maestri de la Porchetta: Giampaolo Mercuri, Peppino D\u2019Alberto, ... Lire plus"}